{"id":13,"date":"2021-01-21T11:02:11","date_gmt":"2021-01-21T10:02:11","guid":{"rendered":"https:\/\/opendag.kgcnijmegen.nl\/?page_id=13"},"modified":"2022-02-04T09:32:40","modified_gmt":"2022-02-04T08:32:40","slug":"home-kgc","status":"publish","type":"page","link":"https:\/\/opendag.kgcnijmegen.nl\/index.php\/home-kgc\/","title":{"rendered":"Open Dag KGC"},"content":{"rendered":"<p>[et_pb_section fb_built=&#8221;1&#8243; custom_padding_last_edited=&#8221;on|phone&#8221; admin_label=&#8221;Section&#8221; _builder_version=&#8221;4.8.1&#8243; _module_preset=&#8221;default&#8221; background_image=&#8221;https:\/\/opendag.kgcnijmegen.nl\/wp-content\/uploads\/2021\/02\/Karel-de-grote-college-De-ingang.jpg&#8221; background_position=&#8221;bottom_right&#8221; horizontal_offset=&#8221;40px&#8221; custom_padding_tablet=&#8221;&#8221; custom_padding_phone=&#8221;|||0px|false|false&#8221; hover_enabled=&#8221;0&#8243; sticky_enabled=&#8221;0&#8243;][et_pb_row column_structure=&#8221;1_4,3_4&#8243; use_custom_gutter=&#8221;on&#8221; gutter_width=&#8221;1&#8243; _builder_version=&#8221;4.8.1&#8243; _module_preset=&#8221;default&#8221; background_enable_color=&#8221;off&#8221; width=&#8221;100%&#8221; custom_margin=&#8221;||-42px||false|false&#8221;][et_pb_column type=&#8221;1_4&#8243; _builder_version=&#8221;4.8.1&#8243; _module_preset=&#8221;default&#8221; custom_css_main_element=&#8221;width: 70%!important;&#8221;][et_pb_text content_tablet=&#8221;&#8221; content_phone=&#8221;&#8221; content_last_edited=&#8221;on|phone&#8221; _builder_version=&#8221;4.8.1&#8243; _module_preset=&#8221;default&#8221; custom_padding=&#8221;|||16px|false|false&#8221; custom_padding_tablet=&#8221;&#8221; custom_padding_phone=&#8221;|||44px|false|false&#8221; custom_padding_last_edited=&#8221;on|phone&#8221;]<\/p>\n<h1><span>Open dag 2022<\/span><\/h1>\n<p>[\/et_pb_text][et_pb_text _builder_version=&#8221;4.8.1&#8243; _module_preset=&#8221;default&#8221; custom_margin=&#8221;|-63px||||&#8221; custom_padding=&#8221;2px|4px||16px|false|false&#8221;]<\/p>\n<p style=\"text-align: left;\"><span style=\"font-size: medium; color: #232323;\"><span>Onze open dag is op zaterdag 19 februari aanstaande van 10:00 tot 15:00 uur<br \/> Voor de zekerheid \u00e9n de veiligheid organiseren we twee versies van onze open dag, die tegelijkertijd plaatsvinden: een \u2018live\u2019 versie en een \u2018online\u2019 versie, die ook in elkaar overlopen. Niemand minder dan oud-KGC-leerling <a href=\"https:\/\/www.youtube.com\/c\/TeunPeterselie\">Teun Peters<\/a> van <a href=\"https:\/\/haegensmedia.nl\/\">Team DylanHaegens<\/a> verzorgt drie interactieve live programma&#8217;s vanuit de school! <\/span><\/span><\/p>\n<p><span style=\"font-size: medium; color: #232323;\"><span>Goed om te weten dus als je ons bezoekt: er wordt een live uitzending gemaakt waarbij je in beeld kunt komen. En we vragen natuurlijk iedereen om de geldende coronaregels te respecteren. Dus wil je naar ons toekomen: van harte welkom; volg je onze open dag liever online, dan kan dat ook! <\/span><\/span><\/p>\n<p><span style=\"font-size: medium;\"><strong><span style=\"color: #232323;\">Live programma<\/span><\/strong><\/span><\/p>\n<p><span style=\"font-size: medium; color: #232323;\"><span>Doorlopend rondleidingen door het schoolgebouw door leerlingen.\u00a0Doorlopend rondleidingen door het schoolgebouw door leerlingen.\u00a0<\/span><\/span><\/p>\n<ul>\n<li><span style=\"font-size: medium; color: #232323;\"><span>Vijf keer een presentatie van 20 minuten op het podium van onze theaterzaal met een korte introductie van onze school en een aantal flitsen uit kunst- en bewegingslessen.<\/span><\/span><\/li>\n<\/ul>\n<ul>\n<li><span style=\"font-size: medium; color: #232323;\"><span>Alle schoolvakken presenteren zich in een lokaal en waar leerlingen aan de slag zijn. Je kunt kijken, vragen stellen en meedoen<\/span><\/span><\/li>\n<\/ul>\n<ul>\n<li><span style=\"font-size: medium; color: #232323;\"><span>In onze mediatheek kun je terecht om je digitaal aan te melden voor onze brugklas- Er zijn informatielokalen over ons onderwijs (mavo, havo, vwo) onze Kunst &amp; Ambacht klas en over onze zorgstructuur<\/span><\/span><\/li>\n<\/ul>\n<ul>\n<li><span style=\"font-size: medium; color: #232323;\"><span>In onze gezonde schoolkantine is plaats om even uit te rusten en iets te eten of drinken.<\/span><\/span><\/li>\n<\/ul>\n<p><span style=\"font-size: medium;\"><strong><span style=\"color: #232323;\">Online programma<\/span><\/strong><\/span><\/p>\n<p><span style=\"font-size: medium; color: #232323;\"><span>Drie live uitzendingen van een half uur\u00a0<\/span><\/span><\/p>\n<ul>\n<li><span style=\"font-size: medium; color: #232323;\"><span>Teun Peters maakt een interactief live programma afgewisseld met korte filmpjes. Hij neemt een kijkje in verschillende lokalen, neemt interviews af en kijkers kunnen vanuit thuis vragen stellen of opdrachten voor Teun verzinnen!<\/span><\/span><\/li>\n<\/ul>\n<ul>\n<li><span style=\"font-size: medium; color: #232323;\"><span>Daarna is er in een soort Webinar-setting een online Q&amp;A: de rector van de school zit aan tafel met twee docenten. Na een introductie van 5 tot 10 minuten beantwoorden zij alle vragen die live via Whatsapp kunnen worden gesteld.\u00a0<\/span><\/span><\/li>\n<\/ul>\n<ul>\n<li><span style=\"font-size: medium; color: #232323;\"><span>Aansluitend aan de live uitzending kunnen kijkers in een priv\u00e9 video call \u00e9\u00e9n op \u00e9\u00e9n een antwoord krijgen op hun persoonlijke vragen.<\/span><\/span><\/li>\n<\/ul>\n<p><span style=\"font-size: medium; color: #232323;\">Om alvast in de stemming te komen, een voorproefje in de vorm van een <\/span><span style=\"font-size: 14px; color: #ff0000;\"><span style=\"font-size: medium;\"><a href=\"https:\/\/www.youtube.com\/watch?v=atDyPR39foQ\" target=\"_blank&quot;\" rel=\"noopener\" style=\"color: #ff0000;\">filmpje<\/a><\/span><span style=\"font-size: medium;\">.<\/span><\/span><\/p>\n<p><span style=\"font-size: 16px; color: #232323;\">Houd deze pagina goed in de gaten!<\/span><\/p>\n<p><span style=\"font-size: medium; color: #232323;\"><span><\/span><\/span><\/p>\n<p><span style=\"font-size: medium; color: #353535;\"><\/span><\/p>\n<p>[\/et_pb_text][et_pb_text _builder_version=&#8221;4.8.1&#8243; _module_preset=&#8221;default&#8221; text_text_color=&#8221;#000000&#8243; custom_padding=&#8221;|4px|0px|16px|false|false&#8221;]<span style=\"color: #333333; font-size: medium;\"><\/span><\/p>\n<p><strong style=\"font-size: medium;\"><span style=\"color: #333333;\">Open lessen<\/span><\/strong><span style=\"font-size: 14px;\">&nbsp;<\/span><\/p>\n<p><span style=\"font-family: inherit; font-size: medium;\"><span> Het KGC heeft twee open lessen avonden gepland op woensdag 26 januari<span style=\"color: #bf2924;\"><\/span> en <strong><span style=\"color: #bf2924;\"><a href=\"https:\/\/jaarplanning.kgcnijmegen.nl\/index.php?weergave=reserveren&amp;huidig=HHLY3cVXAw&amp;rechts=2&amp;nummer=822\" style=\"color: #bf2924;\">woensdag 23 februari<\/a><\/span> 2022.<\/strong><\/span><\/span><\/p>\n<p><span style=\"font-family: inherit; font-size: medium;\">Op deze avonden kunnen leerlingen van groep 8&nbsp;een aantal proeflessen volgen. &nbsp;Wij zijn gewend om de ouder(s) \/ verzorger(s) van deze leerlingen informatie te geven over de school en ons onderwijs.&nbsp;De Nijmeegse scholen hebben met elkaar afgesproken dat de open lessen volledig online zullen worden georganiseerd.<\/span><\/p>\n<p><span style=\"font-family: inherit; font-size: medium;\">De planning voor deze avonden ziet er als volgt uit:&nbsp;<\/span><span style=\"font-family: inherit; font-size: medium;\">&nbsp;<\/span><\/p>\n<ul>\n<li><span style=\"font-family: inherit; font-size: medium;\"><span>Er zijn&nbsp;2 rondes van online open lessen: om 18:30 uur en om 19:15 uur.<\/span>&nbsp;<\/span><\/li>\n<\/ul>\n<ul>\n<li><span style=\"font-family: inherit; font-size: medium;\">De ouders krijgen het informatieprogramma over de school en ons onderwijs online om 20:00 uur:&nbsp;eerst een online presentatie van 20 minuten, gevolgd door een live online vraag-en-antwoord-sessie. <strong>&nbsp;<\/strong><\/span><span style=\"font-family: inherit; font-size: medium;\">&nbsp;<\/span><\/li>\n<\/ul>\n<p>[\/et_pb_text][\/et_pb_column][et_pb_column type=&#8221;3_4&#8243; _builder_version=&#8221;4.8.1&#8243; _module_preset=&#8221;default&#8221; custom_css_main_element=&#8221;width: 70%!important;&#8221;][\/et_pb_column][\/et_pb_row][et_pb_row use_custom_gutter=&#8221;on&#8221; gutter_width=&#8221;1&#8243; _builder_version=&#8221;4.8.1&#8243; _module_preset=&#8221;default&#8221; background_enable_color=&#8221;off&#8221; width=&#8221;100%&#8221; custom_margin=&#8221;||-42px||false|false&#8221;][et_pb_column type=&#8221;4_4&#8243; _builder_version=&#8221;4.8.1&#8243; _module_preset=&#8221;default&#8221; custom_css_main_element=&#8221;width: 70%!important;&#8221;][et_pb_text _builder_version=&#8221;4.8.1&#8243; _module_preset=&#8221;default&#8221;]&nbsp;<\/p>\n<p><span style=\"font-size: medium; color: #353535;\"><\/span>[\/et_pb_text][et_pb_button button_url=&#8221;https:\/\/youtu.be\/WQp9zC4YKxQ&#8221; url_new_window=&#8221;on&#8221; button_text=&#8221;Kijk hier de open dag presentatie terug&#8221; _builder_version=&#8221;4.8.1&#8243; _module_preset=&#8221;default&#8221; custom_button=&#8221;on&#8221; button_text_color=&#8221;#FFFFFF&#8221; button_bg_color=&#8221;#f42241&#8243; button_bg_color_gradient_start=&#8221;#70397e&#8221; button_bg_color_gradient_end=&#8221;#7374a6&#8243; button_border_width=&#8221;0px&#8221; button_icon=&#8221;%%307%%&#8221; background_layout=&#8221;dark&#8221; custom_padding=&#8221;|4px||16px|false|false&#8221; animation_style=&#8221;flip&#8221; button_text_shadow_style=&#8221;preset2&#8243; box_shadow_style=&#8221;preset1&#8243;][\/et_pb_button][et_pb_text _builder_version=&#8221;4.8.1&#8243; _module_preset=&#8221;default&#8221;]<span style=\"color: #333333; font-size: medium;\"><\/span><\/p>\n<p>&nbsp;<\/p>\n<p><span style=\"font-size: medium; color: #353535;\"><\/span>[\/et_pb_text][\/et_pb_column][\/et_pb_row][et_pb_row column_structure=&#8221;1_2,1_2&#8243; use_custom_gutter=&#8221;on&#8221; gutter_width=&#8221;2&#8243; _builder_version=&#8221;4.8.1&#8243; _module_preset=&#8221;default&#8221; min_height=&#8221;579.2px&#8221; custom_margin=&#8221;||-24px||false|false&#8221;][et_pb_column type=&#8221;1_2&#8243; _builder_version=&#8221;4.8.1&#8243; _module_preset=&#8221;default&#8221;][et_pb_text _builder_version=&#8221;4.8.1&#8243; _module_preset=&#8221;default&#8221; custom_margin=&#8221;||0px||false|false&#8221;]<\/p>\n<p><span style=\"font-size: medium; color: #333333;\"><\/span><\/p>\n<p><span style=\"font-size: medium; color: #000000;\"><strong>Aan tafel bij het Karel de Grote College!<\/strong><\/span><\/p>\n<p><span style=\"color: #000000;\">De school in beeld in 3 gesprekken: Hoe was het? Hoe is het? Hoe wordt het?\u201d<\/span><\/p>\n<p><span style=\"color: #000000;\">Eerst kijken we met een leerling en een ouder terug op hun schooltijd op het KGC: hoe was het?\u00a0<span style=\"font-size: 14px;\">Dan bevragen twee achtstegroepers de voorzitters van de leerlingenraad: hoe is het?\u00a0<\/span><span style=\"font-size: 14px;\">En ten slotte vragen aanstaande ouders waar zij benieuwd naar zijn en wat ze kunnen verwachten: Hoe wordt het?<br \/> <\/span><span style=\"font-size: 14px;\">Luister naar Ardan Aldershof en Ricardo Schenker in gesprek met oud-leerling Mark en zijn moeder; hoor de antwoorden van leerlingen Floor en Ruben op de vragen van Teuntje en Aram uit groep 8 en kijk wat twee aanstaande ouders willen weten van Floor Schouten en Erik Nieuwkoop.<\/span><\/span><\/p>\n<p><span style=\"color: #3a3a3a;\"><\/span><\/p>\n<p><span style=\"color: #3a3a3a;\"><\/span><\/p>\n<p><span style=\"color: #3a3a3a;\"><\/span><\/p>\n<p><span style=\"font-size: medium; color: #353535;\"><\/span><\/p>\n<p>[\/et_pb_text][et_pb_button button_url=&#8221;https:\/\/www.youtube.com\/watch?v=F7v16HbXncg&#8221; url_new_window=&#8221;on&#8221; button_text=&#8221;Bekijk hier de talkshow&#8221; admin_label=&#8221;Button&#8221; _builder_version=&#8221;4.8.1&#8243; _module_preset=&#8221;default&#8221; custom_button=&#8221;on&#8221; button_text_color=&#8221;#FFFFFF&#8221; button_bg_color=&#8221;#f42241&#8243; button_bg_color_gradient_start=&#8221;#70397e&#8221; button_bg_color_gradient_end=&#8221;#7374a6&#8243; button_border_width=&#8221;0px&#8221; button_icon=&#8221;%%307%%&#8221; background_layout=&#8221;dark&#8221; animation_style=&#8221;flip&#8221; button_text_shadow_style=&#8221;preset2&#8243; box_shadow_style=&#8221;preset1&#8243;][\/et_pb_button][\/et_pb_column][et_pb_column type=&#8221;1_2&#8243; _builder_version=&#8221;4.8.1&#8243; _module_preset=&#8221;default&#8221; custom_css_main_element=&#8221;width: 30%!important;&#8221;][et_pb_text _builder_version=&#8221;4.8.1&#8243; _module_preset=&#8221;default&#8221; min_height=&#8221;321px&#8221; custom_margin=&#8221;|-190px||||&#8221; custom_padding=&#8221;|0px|0px|||&#8221; hover_enabled=&#8221;0&#8243; text_text_color_last_edited=&#8221;on|tablet&#8221; sticky_enabled=&#8221;0&#8243; text_text_color_phone=&#8221;#000000&#8243; content_last_edited=&#8221;on|phone&#8221; content_phone=&#8221;<\/p>\n<p><span style=%22font-size: small;%22><strong><span style=%22color: #3a3a3a;%22><\/span><\/strong><\/span><\/p>\n<p><span style=%22font-size: medium; color: #000000;%22><strong>Neem een kijkje in ons schoolgebouw:<\/strong><\/span><\/p>\n<p><span style=%22font-size: small; color: #000000;%22>Ben je benieuwd hoe het er bij ons uitziet? Neem dan een kijkje in ons schoolgebouw! Kom binnen in onze unieke centrale hal, of in het monumentale aulagebouw \u2013 ooit gebouwd voor de universiteit! Stap op het podium van de theaterzaal in een toneelstuk, presentatie of musical. Natuurlijk schuif je even aan in de altijd gezellige kantine en kijk je rond in een aantal lokalen: Frans, textiel en biologie.<\/span><\/p>\n<p>&#8220;]<\/p>\n<p><span style=\"font-size: small;\"><strong><span style=\"color: #3a3a3a;\"><\/span><\/strong><\/span><\/p>\n<p><span style=\"font-size: medium; color: #ffffff;\"><strong>Neem een kijkje in ons schoolgebouw:<\/strong><\/span><\/p>\n<p><span style=\"font-size: small; color: #ffffff;\">Ben je benieuwd hoe het er bij ons uitziet? Neem dan een kijkje in ons schoolgebouw! Kom binnen in onze unieke centrale hal, of in het monumentale aulagebouw \u2013 ooit gebouwd voor de universiteit! Stap op het podium van de theaterzaal in een toneelstuk, presentatie of musical. Natuurlijk schuif je even aan in de altijd gezellige kantine en kijk je rond in een aantal lokalen: Frans, textiel en biologie.<\/span><\/p>\n<p>[\/et_pb_text][et_pb_button button_url=&#8221;https:\/\/kgcnijmegen.nl\/Portals\/4\/Objects\/Rondleiding\/index.htm&#8221; url_new_window=&#8221;on&#8221; button_text=&#8221;Bekijk hier ons schoolgebouw &#8221; _builder_version=&#8221;4.8.1&#8243; _module_preset=&#8221;default&#8221; custom_button=&#8221;on&#8221; button_text_color=&#8221;#FFFFFF&#8221; button_bg_color=&#8221;#f42241&#8243; button_bg_color_gradient_start=&#8221;#70397e&#8221; button_bg_color_gradient_end=&#8221;#7374a6&#8243; button_border_width=&#8221;0px&#8221; button_icon=&#8221;%%307%%&#8221; background_layout=&#8221;dark&#8221; animation_style=&#8221;flip&#8221; button_text_shadow_style=&#8221;preset2&#8243; box_shadow_style=&#8221;preset1&#8243;][\/et_pb_button][\/et_pb_column][\/et_pb_row][\/et_pb_section][et_pb_section fb_built=&#8221;1&#8243; next_background_color=&#8221;#ffffff&#8221; _builder_version=&#8221;4.8.1&#8243; _module_preset=&#8221;default&#8221; background_color=&#8221;#8B68EE&#8221; use_background_color_gradient=&#8221;on&#8221; background_color_gradient_start=&#8221;#a3133c&#8221; background_color_gradient_end=&#8221;#c18597&#8243; custom_margin=&#8221;||9px||false|false&#8221; custom_padding=&#8221;||64px||false|false&#8221; bottom_divider_style=&#8221;wave2&#8243;][et_pb_row _builder_version=&#8221;4.8.1&#8243; _module_preset=&#8221;default&#8221; module_alignment=&#8221;center&#8221; custom_margin=&#8221;-70px||0px||false|false&#8221; custom_padding=&#8221;53px|||||&#8221;][et_pb_column type=&#8221;4_4&#8243; _builder_version=&#8221;4.8.1&#8243; _module_preset=&#8221;default&#8221;][\/et_pb_column][\/et_pb_row][et_pb_row _builder_version=&#8221;4.8.1&#8243; _module_preset=&#8221;default&#8221; module_alignment=&#8221;center&#8221; custom_margin=&#8221;-70px||0px||false|false&#8221; custom_padding=&#8221;53px|||||&#8221;][et_pb_column type=&#8221;4_4&#8243; _builder_version=&#8221;4.8.1&#8243; _module_preset=&#8221;default&#8221;][\/et_pb_column][\/et_pb_row][\/et_pb_section][et_pb_section fb_built=&#8221;1&#8243; _builder_version=&#8221;4.8.1&#8243; _module_preset=&#8221;default&#8221; background_image=&#8221;https:\/\/opendag.kgcnijmegen.nl\/wp-content\/uploads\/2021\/02\/Kantine-3-wit.jpg&#8221; custom_margin=&#8221;-9px|||||&#8221; custom_padding=&#8221;54px|||||&#8221;][et_pb_row _builder_version=&#8221;4.8.1&#8243; _module_preset=&#8221;default&#8221; use_background_color_gradient=&#8221;on&#8221; background_color_gradient_start=&#8221;#ffffff&#8221; background_color_gradient_end=&#8221;rgba(255,255,255,0)&#8221; width=&#8221;100%&#8221; max_width=&#8221;2560px&#8221; custom_margin=&#8221;-63px||||false|false&#8221; custom_padding=&#8221;0px||||false|false&#8221;][et_pb_column type=&#8221;4_4&#8243; _builder_version=&#8221;4.8.1&#8243; _module_preset=&#8221;default&#8221;][\/et_pb_column][\/et_pb_row][\/et_pb_section]<\/p>\n","protected":false},"excerpt":{"rendered":"<p>Open dag 2022Onze open dag is op zaterdag 19 februari aanstaande van 10:00 tot 15:00 uur Voor de zekerheid \u00e9n de veiligheid organiseren we twee versies van onze open dag, die tegelijkertijd plaatsvinden: een \u2018live\u2019 versie en een \u2018online\u2019 versie, die ook in elkaar overlopen. Niemand minder dan oud-KGC-leerling Teun Peters van Team DylanHaegens verzorgt [&hellip;]<\/p>\n","protected":false},"author":1,"featured_media":0,"parent":0,"menu_order":0,"comment_status":"closed","ping_status":"closed","template":"","meta":{"_et_pb_use_builder":"on","_et_pb_old_content":"","_et_gb_content_width":"","footnotes":""},"class_list":["post-13","page","type-page","status-publish","hentry"],"_links":{"self":[{"href":"https:\/\/opendag.kgcnijmegen.nl\/index.php\/wp-json\/wp\/v2\/pages\/13","targetHints":{"allow":["GET"]}}],"collection":[{"href":"https:\/\/opendag.kgcnijmegen.nl\/index.php\/wp-json\/wp\/v2\/pages"}],"about":[{"href":"https:\/\/opendag.kgcnijmegen.nl\/index.php\/wp-json\/wp\/v2\/types\/page"}],"author":[{"embeddable":true,"href":"https:\/\/opendag.kgcnijmegen.nl\/index.php\/wp-json\/wp\/v2\/users\/1"}],"replies":[{"embeddable":true,"href":"https:\/\/opendag.kgcnijmegen.nl\/index.php\/wp-json\/wp\/v2\/comments?post=13"}],"version-history":[{"count":199,"href":"https:\/\/opendag.kgcnijmegen.nl\/index.php\/wp-json\/wp\/v2\/pages\/13\/revisions"}],"predecessor-version":[{"id":651,"href":"https:\/\/opendag.kgcnijmegen.nl\/index.php\/wp-json\/wp\/v2\/pages\/13\/revisions\/651"}],"wp:attachment":[{"href":"https:\/\/opendag.kgcnijmegen.nl\/index.php\/wp-json\/wp\/v2\/media?parent=13"}],"curies":[{"name":"wp","href":"https:\/\/api.w.org\/{rel}","templated":true}]}}